{"id":3581,"date":"2019-12-17T15:35:25","date_gmt":"2019-12-17T15:35:25","guid":{"rendered":"http:\/\/summeronkorcula.com\/korcula-apartments-house\/"},"modified":"2025-08-27T16:31:27","modified_gmt":"2025-08-27T14:31:27","slug":"andrijic-apartmani-prigradica","status":"publish","type":"page","link":"https:\/\/summeronkorcula.com\/hr\/andrijic-apartmani-prigradica\/","title":{"rendered":"Kor\u010dula Apartmani"},"content":{"rendered":"\n<div class=\"wp-block-coblocks-gallery-carousel alignfull has-responsive-height mb-0 mt-0\"><div class=\"is-cropped coblocks-gallery has-caption-style-dark has-horizontal-gutter has-lightbox\"><div class=\"has-carousel has-carousel-lrg\" data-flickity=\"{&quot;autoPlay&quot;:3000,&quot;draggable&quot;:true,&quot;pageDots&quot;:false,&quot;prevNextButtons&quot;:true,&quot;wrapAround&quot;:true,&quot;cellAlign&quot;:&quot;center&quot;,&quot;pauseAutoPlayOnHover&quot;:false,&quot;freeScroll&quot;:false,&quot;arrowShape&quot;:{&quot;x0&quot;:10,&quot;x1&quot;:60,&quot;y1&quot;:50,&quot;x2&quot;:65,&quot;y2&quot;:45,&quot;x3&quot;:20},&quot;thumbnails&quot;:false,&quot;responsiveHeight&quot;:true}\"><div class=\"coblocks-gallery--item\"><figure class=\"coblocks-gallery--figure has-margin-left-5 has-margin-right-5\"><img loading=\"lazy\" decoding=\"async\" width=\"1024\" height=\"683\" src=\"https:\/\/summeronkorcula.com\/wp-content\/uploads\/2020\/11\/korcula-prigradica-apartments-summeronkorcula-house-from-air-32-square-1024x683.jpg\" alt=\"\" data-id=\"4472\" data-link=\"https:\/\/summeronkorcula.com\/hr\/andrijic-apartmani-prigradica\/korcula-prigradica-apartments-summeronkorcula-house-from-air-32-square-2\/\" class=\"wp-image-4472\" srcset=\"https:\/\/summeronkorcula.com\/wp-content\/uploads\/2020\/11\/korcula-prigradica-apartments-summeronkorcula-house-from-air-32-square-1024x683.jpg 1024w, https:\/\/summeronkorcula.com\/wp-content\/uploads\/2020\/11\/korcula-prigradica-apartments-summeronkorcula-house-from-air-32-square-300x200.jpg 300w, https:\/\/summeronkorcula.com\/wp-content\/uploads\/2020\/11\/korcula-prigradica-apartments-summeronkorcula-house-from-air-32-square-768x512.jpg 768w, https:\/\/summeronkorcula.com\/wp-content\/uploads\/2020\/11\/korcula-prigradica-apartments-summeronkorcula-house-from-air-32-square-1536x1024.jpg 1536w, https:\/\/summeronkorcula.com\/wp-content\/uploads\/2020\/11\/korcula-prigradica-apartments-summeronkorcula-house-from-air-32-square.jpg 1600w\" sizes=\"auto, (max-width: 1024px) 100vw, 1024px\" \/><\/figure><\/div><div class=\"coblocks-gallery--item\"><figure class=\"coblocks-gallery--figure has-margin-left-5 has-margin-right-5\"><img loading=\"lazy\" decoding=\"async\" width=\"1024\" height=\"678\" src=\"https:\/\/summeronkorcula.com\/wp-content\/uploads\/2020\/11\/korcula-apartments-prigradica-summeronkorcula-beach-09-2020-pic-01-1024x678.jpg\" alt=\"\" data-id=\"4456\" data-link=\"https:\/\/summeronkorcula.com\/hr\/andrijic-apartmani-prigradica\/korcula-apartments-prigradica-summeronkorcula-beach-09-2020-pic-01-2\/\" class=\"wp-image-4456\" srcset=\"https:\/\/summeronkorcula.com\/wp-content\/uploads\/2020\/11\/korcula-apartments-prigradica-summeronkorcula-beach-09-2020-pic-01-1024x678.jpg 1024w, https:\/\/summeronkorcula.com\/wp-content\/uploads\/2020\/11\/korcula-apartments-prigradica-summeronkorcula-beach-09-2020-pic-01-300x199.jpg 300w, https:\/\/summeronkorcula.com\/wp-content\/uploads\/2020\/11\/korcula-apartments-prigradica-summeronkorcula-beach-09-2020-pic-01-768x509.jpg 768w, https:\/\/summeronkorcula.com\/wp-content\/uploads\/2020\/11\/korcula-apartments-prigradica-summeronkorcula-beach-09-2020-pic-01-1536x1018.jpg 1536w, https:\/\/summeronkorcula.com\/wp-content\/uploads\/2020\/11\/korcula-apartments-prigradica-summeronkorcula-beach-09-2020-pic-01.jpg 1600w\" sizes=\"auto, (max-width: 1024px) 100vw, 1024px\" \/><\/figure><\/div><div class=\"coblocks-gallery--item\"><figure class=\"coblocks-gallery--figure has-margin-left-5 has-margin-right-5\"><img loading=\"lazy\" decoding=\"async\" width=\"1024\" height=\"678\" src=\"https:\/\/summeronkorcula.com\/wp-content\/uploads\/2020\/11\/korcula-apartments-prigradica-summeronkorcula-beach-09-2020-pic-02-1024x678.jpg\" alt=\"\" data-id=\"4458\" data-link=\"https:\/\/summeronkorcula.com\/hr\/andrijic-apartmani-prigradica\/korcula-apartments-prigradica-summeronkorcula-beach-09-2020-pic-02-2\/\" class=\"wp-image-4458\" srcset=\"https:\/\/summeronkorcula.com\/wp-content\/uploads\/2020\/11\/korcula-apartments-prigradica-summeronkorcula-beach-09-2020-pic-02-1024x678.jpg 1024w, https:\/\/summeronkorcula.com\/wp-content\/uploads\/2020\/11\/korcula-apartments-prigradica-summeronkorcula-beach-09-2020-pic-02-300x199.jpg 300w, https:\/\/summeronkorcula.com\/wp-content\/uploads\/2020\/11\/korcula-apartments-prigradica-summeronkorcula-beach-09-2020-pic-02-768x509.jpg 768w, https:\/\/summeronkorcula.com\/wp-content\/uploads\/2020\/11\/korcula-apartments-prigradica-summeronkorcula-beach-09-2020-pic-02-1536x1018.jpg 1536w, https:\/\/summeronkorcula.com\/wp-content\/uploads\/2020\/11\/korcula-apartments-prigradica-summeronkorcula-beach-09-2020-pic-02.jpg 1600w\" sizes=\"auto, (max-width: 1024px) 100vw, 1024px\" \/><\/figure><\/div><div class=\"coblocks-gallery--item\"><figure class=\"coblocks-gallery--figure has-margin-left-5 has-margin-right-5\"><img loading=\"lazy\" decoding=\"async\" width=\"1024\" height=\"683\" src=\"https:\/\/summeronkorcula.com\/wp-content\/uploads\/2020\/11\/korcula-prigradica-apartments-summeronkorcula-house-from-air-26-square-1024x683.jpg\" alt=\"\" data-id=\"4470\" data-link=\"https:\/\/summeronkorcula.com\/hr\/andrijic-apartmani-prigradica\/korcula-prigradica-apartments-summeronkorcula-house-from-air-26-square-2\/\" class=\"wp-image-4470\" srcset=\"https:\/\/summeronkorcula.com\/wp-content\/uploads\/2020\/11\/korcula-prigradica-apartments-summeronkorcula-house-from-air-26-square-1024x683.jpg 1024w, https:\/\/summeronkorcula.com\/wp-content\/uploads\/2020\/11\/korcula-prigradica-apartments-summeronkorcula-house-from-air-26-square-300x200.jpg 300w, https:\/\/summeronkorcula.com\/wp-content\/uploads\/2020\/11\/korcula-prigradica-apartments-summeronkorcula-house-from-air-26-square-768x512.jpg 768w, https:\/\/summeronkorcula.com\/wp-content\/uploads\/2020\/11\/korcula-prigradica-apartments-summeronkorcula-house-from-air-26-square-1536x1024.jpg 1536w, https:\/\/summeronkorcula.com\/wp-content\/uploads\/2020\/11\/korcula-prigradica-apartments-summeronkorcula-house-from-air-26-square.jpg 1600w\" sizes=\"auto, (max-width: 1024px) 100vw, 1024px\" \/><\/figure><\/div><div class=\"coblocks-gallery--item\"><figure class=\"coblocks-gallery--figure has-margin-left-5 has-margin-right-5\"><img loading=\"lazy\" decoding=\"async\" width=\"1024\" height=\"678\" src=\"https:\/\/summeronkorcula.com\/wp-content\/uploads\/2020\/11\/korcula-apartments-prigradica-summeronkorcula-beach-09-2020-pic-03-1024x678.jpg\" alt=\"\" data-id=\"4460\" data-link=\"https:\/\/summeronkorcula.com\/hr\/andrijic-apartmani-prigradica\/korcula-apartments-prigradica-summeronkorcula-beach-09-2020-pic-03-2\/\" class=\"wp-image-4460\" srcset=\"https:\/\/summeronkorcula.com\/wp-content\/uploads\/2020\/11\/korcula-apartments-prigradica-summeronkorcula-beach-09-2020-pic-03-1024x678.jpg 1024w, https:\/\/summeronkorcula.com\/wp-content\/uploads\/2020\/11\/korcula-apartments-prigradica-summeronkorcula-beach-09-2020-pic-03-300x199.jpg 300w, https:\/\/summeronkorcula.com\/wp-content\/uploads\/2020\/11\/korcula-apartments-prigradica-summeronkorcula-beach-09-2020-pic-03-768x509.jpg 768w, https:\/\/summeronkorcula.com\/wp-content\/uploads\/2020\/11\/korcula-apartments-prigradica-summeronkorcula-beach-09-2020-pic-03-1536x1018.jpg 1536w, https:\/\/summeronkorcula.com\/wp-content\/uploads\/2020\/11\/korcula-apartments-prigradica-summeronkorcula-beach-09-2020-pic-03.jpg 1600w\" sizes=\"auto, (max-width: 1024px) 100vw, 1024px\" \/><\/figure><\/div><div class=\"coblocks-gallery--item\"><figure class=\"coblocks-gallery--figure has-margin-left-5 has-margin-right-5\"><img loading=\"lazy\" decoding=\"async\" width=\"1024\" height=\"678\" src=\"https:\/\/summeronkorcula.com\/wp-content\/uploads\/2020\/11\/korcula-apartments-prigradica-summeronkorcula-beach-09-2020-pic-04-1024x678.jpg\" alt=\"\" data-id=\"4462\" data-link=\"https:\/\/summeronkorcula.com\/hr\/andrijic-apartmani-prigradica\/korcula-apartments-prigradica-summeronkorcula-beach-09-2020-pic-04-2\/\" class=\"wp-image-4462\" srcset=\"https:\/\/summeronkorcula.com\/wp-content\/uploads\/2020\/11\/korcula-apartments-prigradica-summeronkorcula-beach-09-2020-pic-04-1024x678.jpg 1024w, https:\/\/summeronkorcula.com\/wp-content\/uploads\/2020\/11\/korcula-apartments-prigradica-summeronkorcula-beach-09-2020-pic-04-300x199.jpg 300w, https:\/\/summeronkorcula.com\/wp-content\/uploads\/2020\/11\/korcula-apartments-prigradica-summeronkorcula-beach-09-2020-pic-04-768x509.jpg 768w, https:\/\/summeronkorcula.com\/wp-content\/uploads\/2020\/11\/korcula-apartments-prigradica-summeronkorcula-beach-09-2020-pic-04-1536x1018.jpg 1536w, https:\/\/summeronkorcula.com\/wp-content\/uploads\/2020\/11\/korcula-apartments-prigradica-summeronkorcula-beach-09-2020-pic-04.jpg 1600w\" sizes=\"auto, (max-width: 1024px) 100vw, 1024px\" \/><\/figure><\/div><div class=\"coblocks-gallery--item\"><figure class=\"coblocks-gallery--figure has-margin-left-5 has-margin-right-5\"><img loading=\"lazy\" decoding=\"async\" width=\"1024\" height=\"678\" src=\"https:\/\/summeronkorcula.com\/wp-content\/uploads\/2020\/11\/korcula-apartments-prigradica-summeronkorcula-beach-09-2020-pic-08-square-1024x678.jpg\" alt=\"\" data-id=\"4464\" data-link=\"https:\/\/summeronkorcula.com\/hr\/andrijic-apartmani-prigradica\/korcula-apartments-prigradica-summeronkorcula-beach-09-2020-pic-08-square-2\/\" class=\"wp-image-4464\" srcset=\"https:\/\/summeronkorcula.com\/wp-content\/uploads\/2020\/11\/korcula-apartments-prigradica-summeronkorcula-beach-09-2020-pic-08-square-1024x678.jpg 1024w, https:\/\/summeronkorcula.com\/wp-content\/uploads\/2020\/11\/korcula-apartments-prigradica-summeronkorcula-beach-09-2020-pic-08-square-300x199.jpg 300w, https:\/\/summeronkorcula.com\/wp-content\/uploads\/2020\/11\/korcula-apartments-prigradica-summeronkorcula-beach-09-2020-pic-08-square-768x509.jpg 768w, https:\/\/summeronkorcula.com\/wp-content\/uploads\/2020\/11\/korcula-apartments-prigradica-summeronkorcula-beach-09-2020-pic-08-square-1536x1018.jpg 1536w, https:\/\/summeronkorcula.com\/wp-content\/uploads\/2020\/11\/korcula-apartments-prigradica-summeronkorcula-beach-09-2020-pic-08-square.jpg 1600w\" sizes=\"auto, (max-width: 1024px) 100vw, 1024px\" \/><\/figure><\/div><div class=\"coblocks-gallery--item\"><figure class=\"coblocks-gallery--figure has-margin-left-5 has-margin-right-5\"><img loading=\"lazy\" decoding=\"async\" width=\"1024\" height=\"683\" src=\"https:\/\/summeronkorcula.com\/wp-content\/uploads\/2020\/11\/korcula-prigradica-apartments-summeronkorcula-house-from-air-09-square-1024x683.jpg\" alt=\"\" data-id=\"4466\" data-link=\"https:\/\/summeronkorcula.com\/hr\/andrijic-apartmani-prigradica\/korcula-prigradica-apartments-summeronkorcula-house-from-air-09-square-2\/\" class=\"wp-image-4466\" srcset=\"https:\/\/summeronkorcula.com\/wp-content\/uploads\/2020\/11\/korcula-prigradica-apartments-summeronkorcula-house-from-air-09-square-1024x683.jpg 1024w, https:\/\/summeronkorcula.com\/wp-content\/uploads\/2020\/11\/korcula-prigradica-apartments-summeronkorcula-house-from-air-09-square-300x200.jpg 300w, https:\/\/summeronkorcula.com\/wp-content\/uploads\/2020\/11\/korcula-prigradica-apartments-summeronkorcula-house-from-air-09-square-768x512.jpg 768w, https:\/\/summeronkorcula.com\/wp-content\/uploads\/2020\/11\/korcula-prigradica-apartments-summeronkorcula-house-from-air-09-square-1536x1024.jpg 1536w, https:\/\/summeronkorcula.com\/wp-content\/uploads\/2020\/11\/korcula-prigradica-apartments-summeronkorcula-house-from-air-09-square.jpg 1600w\" sizes=\"auto, (max-width: 1024px) 100vw, 1024px\" \/><\/figure><\/div><div class=\"coblocks-gallery--item\"><figure class=\"coblocks-gallery--figure has-margin-left-5 has-margin-right-5\"><img loading=\"lazy\" decoding=\"async\" width=\"1024\" height=\"678\" src=\"https:\/\/summeronkorcula.com\/wp-content\/uploads\/2020\/11\/summeronkorcula-apartment-mimoza-terrace-detail-09-2020-pic-01-1024x678.jpg\" alt=\"\" data-id=\"4488\" data-link=\"https:\/\/summeronkorcula.com\/hr\/andrijic-apartmani-prigradica\/summeronkorcula-apartment-mimoza-terrace-detail-09-2020-pic-01-2\/\" class=\"wp-image-4488\" srcset=\"https:\/\/summeronkorcula.com\/wp-content\/uploads\/2020\/11\/summeronkorcula-apartment-mimoza-terrace-detail-09-2020-pic-01-1024x678.jpg 1024w, https:\/\/summeronkorcula.com\/wp-content\/uploads\/2020\/11\/summeronkorcula-apartment-mimoza-terrace-detail-09-2020-pic-01-300x199.jpg 300w, https:\/\/summeronkorcula.com\/wp-content\/uploads\/2020\/11\/summeronkorcula-apartment-mimoza-terrace-detail-09-2020-pic-01-768x509.jpg 768w, https:\/\/summeronkorcula.com\/wp-content\/uploads\/2020\/11\/summeronkorcula-apartment-mimoza-terrace-detail-09-2020-pic-01-1536x1018.jpg 1536w, https:\/\/summeronkorcula.com\/wp-content\/uploads\/2020\/11\/summeronkorcula-apartment-mimoza-terrace-detail-09-2020-pic-01.jpg 1600w\" sizes=\"auto, (max-width: 1024px) 100vw, 1024px\" \/><\/figure><\/div><div class=\"coblocks-gallery--item\"><figure class=\"coblocks-gallery--figure has-margin-left-5 has-margin-right-5\"><img loading=\"lazy\" decoding=\"async\" width=\"1024\" height=\"678\" src=\"https:\/\/summeronkorcula.com\/wp-content\/uploads\/2020\/11\/prigradica-summeronkorcula-beaches-activities-03-1024x678.jpg\" alt=\"\" data-id=\"4474\" data-link=\"https:\/\/summeronkorcula.com\/hr\/andrijic-apartmani-prigradica\/prigradica-summeronkorcula-beaches-activities-03-2\/\" class=\"wp-image-4474\" srcset=\"https:\/\/summeronkorcula.com\/wp-content\/uploads\/2020\/11\/prigradica-summeronkorcula-beaches-activities-03-1024x678.jpg 1024w, https:\/\/summeronkorcula.com\/wp-content\/uploads\/2020\/11\/prigradica-summeronkorcula-beaches-activities-03-300x199.jpg 300w, https:\/\/summeronkorcula.com\/wp-content\/uploads\/2020\/11\/prigradica-summeronkorcula-beaches-activities-03-768x509.jpg 768w, https:\/\/summeronkorcula.com\/wp-content\/uploads\/2020\/11\/prigradica-summeronkorcula-beaches-activities-03-1536x1018.jpg 1536w, https:\/\/summeronkorcula.com\/wp-content\/uploads\/2020\/11\/prigradica-summeronkorcula-beaches-activities-03.jpg 1600w\" sizes=\"auto, (max-width: 1024px) 100vw, 1024px\" \/><\/figure><\/div><div class=\"coblocks-gallery--item\"><figure class=\"coblocks-gallery--figure has-margin-left-5 has-margin-right-5\"><img loading=\"lazy\" decoding=\"async\" width=\"1024\" height=\"678\" src=\"https:\/\/summeronkorcula.com\/wp-content\/uploads\/2020\/11\/prigradica-summeronkorcula-beaches-activities-04-1024x678.jpg\" alt=\"\" data-id=\"4476\" data-link=\"https:\/\/summeronkorcula.com\/hr\/andrijic-apartmani-prigradica\/prigradica-summeronkorcula-beaches-activities-04-2\/\" class=\"wp-image-4476\" srcset=\"https:\/\/summeronkorcula.com\/wp-content\/uploads\/2020\/11\/prigradica-summeronkorcula-beaches-activities-04-1024x678.jpg 1024w, https:\/\/summeronkorcula.com\/wp-content\/uploads\/2020\/11\/prigradica-summeronkorcula-beaches-activities-04-300x199.jpg 300w, https:\/\/summeronkorcula.com\/wp-content\/uploads\/2020\/11\/prigradica-summeronkorcula-beaches-activities-04-768x509.jpg 768w, https:\/\/summeronkorcula.com\/wp-content\/uploads\/2020\/11\/prigradica-summeronkorcula-beaches-activities-04-1536x1018.jpg 1536w, https:\/\/summeronkorcula.com\/wp-content\/uploads\/2020\/11\/prigradica-summeronkorcula-beaches-activities-04.jpg 1600w\" sizes=\"auto, (max-width: 1024px) 100vw, 1024px\" \/><\/figure><\/div><div class=\"coblocks-gallery--item\"><figure class=\"coblocks-gallery--figure has-margin-left-5 has-margin-right-5\"><img loading=\"lazy\" decoding=\"async\" width=\"1024\" height=\"678\" src=\"https:\/\/summeronkorcula.com\/wp-content\/uploads\/2020\/11\/prigradica-summeronkorcula-beaches-activities-05-1024x678.jpg\" alt=\"\" data-id=\"4478\" data-link=\"https:\/\/summeronkorcula.com\/hr\/andrijic-apartmani-prigradica\/prigradica-summeronkorcula-beaches-activities-05-2\/\" class=\"wp-image-4478\" srcset=\"https:\/\/summeronkorcula.com\/wp-content\/uploads\/2020\/11\/prigradica-summeronkorcula-beaches-activities-05-1024x678.jpg 1024w, https:\/\/summeronkorcula.com\/wp-content\/uploads\/2020\/11\/prigradica-summeronkorcula-beaches-activities-05-300x199.jpg 300w, https:\/\/summeronkorcula.com\/wp-content\/uploads\/2020\/11\/prigradica-summeronkorcula-beaches-activities-05-768x509.jpg 768w, https:\/\/summeronkorcula.com\/wp-content\/uploads\/2020\/11\/prigradica-summeronkorcula-beaches-activities-05-1536x1018.jpg 1536w, https:\/\/summeronkorcula.com\/wp-content\/uploads\/2020\/11\/prigradica-summeronkorcula-beaches-activities-05.jpg 1600w\" sizes=\"auto, (max-width: 1024px) 100vw, 1024px\" \/><\/figure><\/div><div class=\"coblocks-gallery--item\"><figure class=\"coblocks-gallery--figure has-margin-left-5 has-margin-right-5\"><img loading=\"lazy\" decoding=\"async\" width=\"1024\" height=\"678\" src=\"https:\/\/summeronkorcula.com\/wp-content\/uploads\/2020\/11\/prigradica-summeronkorcula-beaches-activities-12-1024x678.jpg\" alt=\"\" data-id=\"4482\" data-link=\"https:\/\/summeronkorcula.com\/hr\/andrijic-apartmani-prigradica\/prigradica-summeronkorcula-beaches-activities-12-2\/\" class=\"wp-image-4482\" srcset=\"https:\/\/summeronkorcula.com\/wp-content\/uploads\/2020\/11\/prigradica-summeronkorcula-beaches-activities-12-1024x678.jpg 1024w, https:\/\/summeronkorcula.com\/wp-content\/uploads\/2020\/11\/prigradica-summeronkorcula-beaches-activities-12-300x199.jpg 300w, https:\/\/summeronkorcula.com\/wp-content\/uploads\/2020\/11\/prigradica-summeronkorcula-beaches-activities-12-768x509.jpg 768w, https:\/\/summeronkorcula.com\/wp-content\/uploads\/2020\/11\/prigradica-summeronkorcula-beaches-activities-12-1536x1018.jpg 1536w, https:\/\/summeronkorcula.com\/wp-content\/uploads\/2020\/11\/prigradica-summeronkorcula-beaches-activities-12.jpg 1600w\" sizes=\"auto, (max-width: 1024px) 100vw, 1024px\" \/><\/figure><\/div><div class=\"coblocks-gallery--item\"><figure class=\"coblocks-gallery--figure has-margin-left-5 has-margin-right-5\"><img loading=\"lazy\" decoding=\"async\" width=\"1024\" height=\"678\" src=\"https:\/\/summeronkorcula.com\/wp-content\/uploads\/2020\/11\/prigradica-summeronkorcula-beaches-activities-13-1024x678.jpg\" alt=\"\" data-id=\"4484\" data-link=\"https:\/\/summeronkorcula.com\/hr\/andrijic-apartmani-prigradica\/prigradica-summeronkorcula-beaches-activities-13-2\/\" class=\"wp-image-4484\" srcset=\"https:\/\/summeronkorcula.com\/wp-content\/uploads\/2020\/11\/prigradica-summeronkorcula-beaches-activities-13-1024x678.jpg 1024w, https:\/\/summeronkorcula.com\/wp-content\/uploads\/2020\/11\/prigradica-summeronkorcula-beaches-activities-13-300x199.jpg 300w, https:\/\/summeronkorcula.com\/wp-content\/uploads\/2020\/11\/prigradica-summeronkorcula-beaches-activities-13-768x509.jpg 768w, https:\/\/summeronkorcula.com\/wp-content\/uploads\/2020\/11\/prigradica-summeronkorcula-beaches-activities-13-1536x1018.jpg 1536w, https:\/\/summeronkorcula.com\/wp-content\/uploads\/2020\/11\/prigradica-summeronkorcula-beaches-activities-13.jpg 1600w\" sizes=\"auto, (max-width: 1024px) 100vw, 1024px\" \/><\/figure><\/div><div class=\"coblocks-gallery--item\"><figure class=\"coblocks-gallery--figure has-margin-left-5 has-margin-right-5\"><img loading=\"lazy\" decoding=\"async\" width=\"1024\" height=\"678\" src=\"https:\/\/summeronkorcula.com\/wp-content\/uploads\/2020\/11\/prigradica-summeronkorcula-beaches-activities-14-1024x678.jpg\" alt=\"\" data-id=\"4486\" data-link=\"https:\/\/summeronkorcula.com\/hr\/andrijic-apartmani-prigradica\/prigradica-summeronkorcula-beaches-activities-14-2\/\" class=\"wp-image-4486\" srcset=\"https:\/\/summeronkorcula.com\/wp-content\/uploads\/2020\/11\/prigradica-summeronkorcula-beaches-activities-14-1024x678.jpg 1024w, https:\/\/summeronkorcula.com\/wp-content\/uploads\/2020\/11\/prigradica-summeronkorcula-beaches-activities-14-300x199.jpg 300w, https:\/\/summeronkorcula.com\/wp-content\/uploads\/2020\/11\/prigradica-summeronkorcula-beaches-activities-14-768x509.jpg 768w, https:\/\/summeronkorcula.com\/wp-content\/uploads\/2020\/11\/prigradica-summeronkorcula-beaches-activities-14-1536x1018.jpg 1536w, https:\/\/summeronkorcula.com\/wp-content\/uploads\/2020\/11\/prigradica-summeronkorcula-beaches-activities-14.jpg 1600w\" sizes=\"auto, (max-width: 1024px) 100vw, 1024px\" \/><\/figure><\/div><div class=\"coblocks-gallery--item\"><figure class=\"coblocks-gallery--figure has-margin-left-5 has-margin-right-5\"><img loading=\"lazy\" decoding=\"async\" width=\"1024\" height=\"678\" src=\"https:\/\/summeronkorcula.com\/wp-content\/uploads\/2021\/09\/snjezana-peric-07-2021-29-1024x678.jpg\" alt=\"\" data-id=\"5128\" data-link=\"https:\/\/summeronkorcula.com\/hr\/snjezana-peric-07-2021-29-2\/\" class=\"wp-image-5128\" srcset=\"https:\/\/summeronkorcula.com\/wp-content\/uploads\/2021\/09\/snjezana-peric-07-2021-29-1024x678.jpg 1024w, https:\/\/summeronkorcula.com\/wp-content\/uploads\/2021\/09\/snjezana-peric-07-2021-29-300x199.jpg 300w, https:\/\/summeronkorcula.com\/wp-content\/uploads\/2021\/09\/snjezana-peric-07-2021-29-768x509.jpg 768w, https:\/\/summeronkorcula.com\/wp-content\/uploads\/2021\/09\/snjezana-peric-07-2021-29-1536x1018.jpg 1536w, https:\/\/summeronkorcula.com\/wp-content\/uploads\/2021\/09\/snjezana-peric-07-2021-29.jpg 1600w\" sizes=\"auto, (max-width: 1024px) 100vw, 1024px\" \/><\/figure><\/div><div class=\"coblocks-gallery--item\"><figure class=\"coblocks-gallery--figure has-margin-left-5 has-margin-right-5\"><img loading=\"lazy\" decoding=\"async\" width=\"1024\" height=\"678\" src=\"https:\/\/summeronkorcula.com\/wp-content\/uploads\/2020\/11\/summeronkorcula-parking-03-1024x678.jpg\" alt=\"\" data-id=\"4492\" data-link=\"https:\/\/summeronkorcula.com\/hr\/andrijic-apartmani-prigradica\/summeronkorcula-parking-03-2\/\" class=\"wp-image-4492\" srcset=\"https:\/\/summeronkorcula.com\/wp-content\/uploads\/2020\/11\/summeronkorcula-parking-03-1024x678.jpg 1024w, https:\/\/summeronkorcula.com\/wp-content\/uploads\/2020\/11\/summeronkorcula-parking-03-300x199.jpg 300w, https:\/\/summeronkorcula.com\/wp-content\/uploads\/2020\/11\/summeronkorcula-parking-03-768x509.jpg 768w, https:\/\/summeronkorcula.com\/wp-content\/uploads\/2020\/11\/summeronkorcula-parking-03-1536x1018.jpg 1536w, https:\/\/summeronkorcula.com\/wp-content\/uploads\/2020\/11\/summeronkorcula-parking-03.jpg 1600w\" sizes=\"auto, (max-width: 1024px) 100vw, 1024px\" \/><\/figure><\/div><div class=\"coblocks-gallery--item\"><figure class=\"coblocks-gallery--figure has-margin-left-5 has-margin-right-5\"><img loading=\"lazy\" decoding=\"async\" width=\"1024\" height=\"678\" src=\"https:\/\/summeronkorcula.com\/wp-content\/uploads\/2020\/11\/summeronkorcula-around-the-house-01-1024x678.jpg\" alt=\"\" data-id=\"4627\" data-link=\"https:\/\/summeronkorcula.com\/hr\/andrijic-apartmani-prigradica\/summeronkorcula-around-the-house-01-2\/\" class=\"wp-image-4627\" srcset=\"https:\/\/summeronkorcula.com\/wp-content\/uploads\/2020\/11\/summeronkorcula-around-the-house-01-1024x678.jpg 1024w, https:\/\/summeronkorcula.com\/wp-content\/uploads\/2020\/11\/summeronkorcula-around-the-house-01-300x199.jpg 300w, https:\/\/summeronkorcula.com\/wp-content\/uploads\/2020\/11\/summeronkorcula-around-the-house-01-768x509.jpg 768w, https:\/\/summeronkorcula.com\/wp-content\/uploads\/2020\/11\/summeronkorcula-around-the-house-01-1536x1018.jpg 1536w, https:\/\/summeronkorcula.com\/wp-content\/uploads\/2020\/11\/summeronkorcula-around-the-house-01.jpg 1600w\" sizes=\"auto, (max-width: 1024px) 100vw, 1024px\" \/><\/figure><\/div><div class=\"coblocks-gallery--item\"><figure class=\"coblocks-gallery--figure has-margin-left-5 has-margin-right-5\"><img loading=\"lazy\" decoding=\"async\" width=\"1024\" height=\"683\" src=\"https:\/\/summeronkorcula.com\/wp-content\/uploads\/2020\/11\/summeronkorcula-around-the-house-02-1024x683.jpg\" alt=\"\" data-id=\"4629\" data-link=\"https:\/\/summeronkorcula.com\/hr\/andrijic-apartmani-prigradica\/summeronkorcula-around-the-house-02-2\/\" class=\"wp-image-4629\" srcset=\"https:\/\/summeronkorcula.com\/wp-content\/uploads\/2020\/11\/summeronkorcula-around-the-house-02-1024x683.jpg 1024w, https:\/\/summeronkorcula.com\/wp-content\/uploads\/2020\/11\/summeronkorcula-around-the-house-02-300x200.jpg 300w, https:\/\/summeronkorcula.com\/wp-content\/uploads\/2020\/11\/summeronkorcula-around-the-house-02-768x512.jpg 768w, https:\/\/summeronkorcula.com\/wp-content\/uploads\/2020\/11\/summeronkorcula-around-the-house-02-1536x1024.jpg 1536w, https:\/\/summeronkorcula.com\/wp-content\/uploads\/2020\/11\/summeronkorcula-around-the-house-02.jpg 1600w\" sizes=\"auto, (max-width: 1024px) 100vw, 1024px\" \/><\/figure><\/div><div class=\"coblocks-gallery--item\"><figure class=\"coblocks-gallery--figure has-margin-left-5 has-margin-right-5\"><img loading=\"lazy\" decoding=\"async\" width=\"1024\" height=\"678\" src=\"https:\/\/summeronkorcula.com\/wp-content\/uploads\/2020\/11\/summeronkorcula-around-the-house-03-1024x678.jpg\" alt=\"\" data-id=\"4631\" data-link=\"https:\/\/summeronkorcula.com\/hr\/andrijic-apartmani-prigradica\/summeronkorcula-around-the-house-03-2\/\" class=\"wp-image-4631\" srcset=\"https:\/\/summeronkorcula.com\/wp-content\/uploads\/2020\/11\/summeronkorcula-around-the-house-03-1024x678.jpg 1024w, https:\/\/summeronkorcula.com\/wp-content\/uploads\/2020\/11\/summeronkorcula-around-the-house-03-300x199.jpg 300w, https:\/\/summeronkorcula.com\/wp-content\/uploads\/2020\/11\/summeronkorcula-around-the-house-03-768x509.jpg 768w, https:\/\/summeronkorcula.com\/wp-content\/uploads\/2020\/11\/summeronkorcula-around-the-house-03-1536x1018.jpg 1536w, https:\/\/summeronkorcula.com\/wp-content\/uploads\/2020\/11\/summeronkorcula-around-the-house-03.jpg 1600w\" sizes=\"auto, (max-width: 1024px) 100vw, 1024px\" \/><\/figure><\/div><div class=\"coblocks-gallery--item\"><figure class=\"coblocks-gallery--figure has-margin-left-5 has-margin-right-5\"><img loading=\"lazy\" decoding=\"async\" width=\"1024\" height=\"678\" src=\"https:\/\/summeronkorcula.com\/wp-content\/uploads\/2021\/09\/snjezana-peric-07-2021-07-1024x678.jpg\" alt=\"\" data-id=\"5112\" data-link=\"https:\/\/summeronkorcula.com\/hr\/snjezana-peric-07-2021-07-2\/\" class=\"wp-image-5112\" srcset=\"https:\/\/summeronkorcula.com\/wp-content\/uploads\/2021\/09\/snjezana-peric-07-2021-07-1024x678.jpg 1024w, https:\/\/summeronkorcula.com\/wp-content\/uploads\/2021\/09\/snjezana-peric-07-2021-07-300x199.jpg 300w, https:\/\/summeronkorcula.com\/wp-content\/uploads\/2021\/09\/snjezana-peric-07-2021-07-768x509.jpg 768w, https:\/\/summeronkorcula.com\/wp-content\/uploads\/2021\/09\/snjezana-peric-07-2021-07-1536x1018.jpg 1536w, https:\/\/summeronkorcula.com\/wp-content\/uploads\/2021\/09\/snjezana-peric-07-2021-07.jpg 1600w\" sizes=\"auto, (max-width: 1024px) 100vw, 1024px\" \/><\/figure><\/div><div class=\"coblocks-gallery--item\"><figure class=\"coblocks-gallery--figure has-margin-left-5 has-margin-right-5\"><img loading=\"lazy\" decoding=\"async\" width=\"1024\" height=\"678\" src=\"https:\/\/summeronkorcula.com\/wp-content\/uploads\/2021\/09\/snjezana-peric-07-2021-06-1024x678.jpg\" alt=\"\" data-id=\"5110\" data-link=\"https:\/\/summeronkorcula.com\/hr\/snjezana-peric-07-2021-06-2\/\" class=\"wp-image-5110\" srcset=\"https:\/\/summeronkorcula.com\/wp-content\/uploads\/2021\/09\/snjezana-peric-07-2021-06-1024x678.jpg 1024w, https:\/\/summeronkorcula.com\/wp-content\/uploads\/2021\/09\/snjezana-peric-07-2021-06-300x199.jpg 300w, https:\/\/summeronkorcula.com\/wp-content\/uploads\/2021\/09\/snjezana-peric-07-2021-06-768x509.jpg 768w, https:\/\/summeronkorcula.com\/wp-content\/uploads\/2021\/09\/snjezana-peric-07-2021-06-1536x1018.jpg 1536w, https:\/\/summeronkorcula.com\/wp-content\/uploads\/2021\/09\/snjezana-peric-07-2021-06.jpg 1600w\" sizes=\"auto, (max-width: 1024px) 100vw, 1024px\" \/><\/figure><\/div><\/div><\/div><\/div>\n\n\n\n<h1 class=\"wp-block-heading has-text-align-center\">Apartmani Andriji\u0107 &#8211; Prigradica Otok Kor\u010dula<\/h1>\n\n\n\n<p>Dobro do\u0161li u apartmane Andriji\u0107 u Prigradici na otoku Kor\u010duli! Ako tra\u017eite apartmane na Kor\u010duli za odmor s va\u0161om obitelji ili prijateljima na osun\u010danom mjestu uz more, na pravom ste mjestu.<\/p>\n\n\n\n<ul class=\"apartment-features\"><li>Klima<\/li><li>Ro\u0161tilj<\/li><li>Internet<\/li><li>SAT TV<\/li><li>Dijeljena praonica rublja<\/li><\/ul>\n\n\n\n<p>Ku\u0107a se nalazi u Prigradici, 20 metara od pla\u017ee s bistrim plavim morem. Za potpun odmor, apartmani imaju klimu, wifi internet, dijeljeni ro\u0161tilj, dijeljenu praonicu rublja i zasebni parking. U\u017eivajte u pogledu na more sa zasjenjenih balkona!<\/p>\n\n\n\n<div class=\"wp-block-image\"><figure class=\"aligncenter size-large is-resized\"><img loading=\"lazy\" decoding=\"async\" src=\"http:\/\/summeronkorcula.com\/wp-content\/uploads\/2020\/11\/andrijic-divider-1024x144.png\" alt=\"\" class=\"wp-image-3961\" width=\"427\" height=\"60\" srcset=\"https:\/\/summeronkorcula.com\/wp-content\/uploads\/2020\/11\/andrijic-divider-1024x144.png 1024w, https:\/\/summeronkorcula.com\/wp-content\/uploads\/2020\/11\/andrijic-divider-300x42.png 300w, https:\/\/summeronkorcula.com\/wp-content\/uploads\/2020\/11\/andrijic-divider-768x108.png 768w, https:\/\/summeronkorcula.com\/wp-content\/uploads\/2020\/11\/andrijic-divider-1536x216.png 1536w, https:\/\/summeronkorcula.com\/wp-content\/uploads\/2020\/11\/andrijic-divider.png 1560w\" sizes=\"auto, (max-width: 427px) 100vw, 427px\" \/><\/figure><\/div>\n\n\n\n<ul class=\"wp-block-list\">\n<li>Apartmana u ku\u0107i: 3<\/li>\n\n\n\n<li>Max. spava\u0107ih mjesta: 13<\/li>\n\n\n\n<li>Ku\u0107ni ljubimci: na upit<\/li>\n\n\n\n<li>Najbli\u017ea pla\u017ea (m): 20<\/li>\n\n\n\n<li>Vrsta najbli\u017ee pla\u017ee: betonske plo\u010de<\/li>\n\n\n\n<li>Udaljenost do najbli\u017ee \u0161ljun\u010dane pla\u017ee (m): 150<\/li>\n\n\n\n<li>Centar mjesta (m): 150<\/li>\n\n\n\n<li>Restaurant (m): 150<\/li>\n\n\n\n<li>Trgovina (m): 150<\/li>\n\n\n\n<li>Po\u0161ta: Blato, 5km<\/li>\n\n\n\n<li>Ambulanta: Blato, 5km<\/li>\n\n\n\n<li>Trajektna luka: Vela Luka, 12,5km<\/li>\n<\/ul>\n\n\n\n<div class=\"wp-block-image\"><figure class=\"aligncenter size-large is-resized\"><img loading=\"lazy\" decoding=\"async\" src=\"http:\/\/summeronkorcula.com\/wp-content\/uploads\/2020\/11\/andrijic-divider-1024x144.png\" alt=\"\" class=\"wp-image-3961\" width=\"427\" height=\"60\" srcset=\"https:\/\/summeronkorcula.com\/wp-content\/uploads\/2020\/11\/andrijic-divider-1024x144.png 1024w, https:\/\/summeronkorcula.com\/wp-content\/uploads\/2020\/11\/andrijic-divider-300x42.png 300w, https:\/\/summeronkorcula.com\/wp-content\/uploads\/2020\/11\/andrijic-divider-768x108.png 768w, https:\/\/summeronkorcula.com\/wp-content\/uploads\/2020\/11\/andrijic-divider-1536x216.png 1536w, https:\/\/summeronkorcula.com\/wp-content\/uploads\/2020\/11\/andrijic-divider.png 1560w\" sizes=\"auto, (max-width: 427px) 100vw, 427px\" \/><\/figure><\/div>\n\n\n\n<h2 class=\"wp-block-heading has-text-align-center\">U\u017eivajte u pogledu na more u Prigradici<\/h2>\n\n\n\n<div style=\"height:30px\" aria-hidden=\"true\" class=\"wp-block-spacer\"><\/div>\n\n\n\n<div class=\"wp-block-columns is-layout-flex wp-container-core-columns-is-layout-9d6595d7 wp-block-columns-is-layout-flex\">\n<div class=\"wp-block-column is-layout-flow wp-block-column-is-layout-flow\">\n<figure class=\"wp-block-image size-large\"><img loading=\"lazy\" decoding=\"async\" width=\"1024\" height=\"678\" src=\"https:\/\/summeronkorcula.com\/wp-content\/uploads\/2020\/11\/summeronkorcula-apartment-ruzmarin-terrace-09-2020-pic-04-1024x678.jpg\" alt=\"Prostran balkon s pogledom na more iz apartmana Andriji\u0107 Ru\u017emarin u Prigradici\" class=\"wp-image-4259\" srcset=\"https:\/\/summeronkorcula.com\/wp-content\/uploads\/2020\/11\/summeronkorcula-apartment-ruzmarin-terrace-09-2020-pic-04-1024x678.jpg 1024w, https:\/\/summeronkorcula.com\/wp-content\/uploads\/2020\/11\/summeronkorcula-apartment-ruzmarin-terrace-09-2020-pic-04-300x199.jpg 300w, https:\/\/summeronkorcula.com\/wp-content\/uploads\/2020\/11\/summeronkorcula-apartment-ruzmarin-terrace-09-2020-pic-04-768x509.jpg 768w, https:\/\/summeronkorcula.com\/wp-content\/uploads\/2020\/11\/summeronkorcula-apartment-ruzmarin-terrace-09-2020-pic-04-1536x1018.jpg 1536w, https:\/\/summeronkorcula.com\/wp-content\/uploads\/2020\/11\/summeronkorcula-apartment-ruzmarin-terrace-09-2020-pic-04.jpg 1600w\" sizes=\"auto, (max-width: 1024px) 100vw, 1024px\" \/><\/figure>\n<\/div>\n\n\n\n<div class=\"wp-block-column is-layout-flow wp-block-column-is-layout-flow\">\n<p>Apartmani Andriji\u0107 nalaze se u Prigradici, 20 metara od pla\u017ee s bistrim plavim morem. Blizu restorana i trgovine, ovi apartmani s pogledom na more odli\u010dan su izbor za ugodno ljetovanje na Kor\u010duli.<\/p>\n<\/div>\n<\/div>\n\n\n\n<h2 class=\"wp-block-heading has-text-align-center\">Udoban smje\u0161taj za opu\u0161ten odmor<\/h2>\n\n\n\n<div style=\"height:30px\" aria-hidden=\"true\" class=\"wp-block-spacer\"><\/div>\n\n\n\n<div class=\"wp-block-columns is-layout-flex wp-container-core-columns-is-layout-9d6595d7 wp-block-columns-is-layout-flex\">\n<div class=\"wp-block-column is-layout-flow wp-block-column-is-layout-flow\">\n<p>Udoban interijer i opremljene kuhinje apartmana Andriji\u0107 odli\u010dni su za ru\u010dak ili ve\u010deru u elegantnom ambijentu. Na raspolaganju su i dijeljeni vanjski ro\u0161tilj i dijeljeni vanjski tu\u0161. Preporu\u010damo na\u0161e doma\u0107e vino, proizvedeno uz mnogo truda i dugogodi\u0161nju tradiciju.<\/p>\n<\/div>\n\n\n\n<div class=\"wp-block-column is-layout-flow wp-block-column-is-layout-flow\">\n<figure class=\"wp-block-image size-large\"><img loading=\"lazy\" decoding=\"async\" width=\"1024\" height=\"678\" src=\"https:\/\/summeronkorcula.com\/wp-content\/uploads\/2020\/11\/summeronkorcula-apartment-mimoza-kitchen-dining-area-detail-09-2020-pic-02-1024x678.jpg\" alt=\"\" class=\"wp-image-4200\" srcset=\"https:\/\/summeronkorcula.com\/wp-content\/uploads\/2020\/11\/summeronkorcula-apartment-mimoza-kitchen-dining-area-detail-09-2020-pic-02-1024x678.jpg 1024w, https:\/\/summeronkorcula.com\/wp-content\/uploads\/2020\/11\/summeronkorcula-apartment-mimoza-kitchen-dining-area-detail-09-2020-pic-02-300x199.jpg 300w, https:\/\/summeronkorcula.com\/wp-content\/uploads\/2020\/11\/summeronkorcula-apartment-mimoza-kitchen-dining-area-detail-09-2020-pic-02-768x509.jpg 768w, https:\/\/summeronkorcula.com\/wp-content\/uploads\/2020\/11\/summeronkorcula-apartment-mimoza-kitchen-dining-area-detail-09-2020-pic-02-1536x1018.jpg 1536w, https:\/\/summeronkorcula.com\/wp-content\/uploads\/2020\/11\/summeronkorcula-apartment-mimoza-kitchen-dining-area-detail-09-2020-pic-02.jpg 1600w\" sizes=\"auto, (max-width: 1024px) 100vw, 1024px\" \/><\/figure>\n<\/div>\n<\/div>\n\n\n\n<h2 class=\"wp-block-heading has-text-align-center\">Apartmani u ovoj ku\u0107i<\/h2>\n\n\n\n<div style=\"height:30px\" aria-hidden=\"true\" class=\"wp-block-spacer\"><\/div>\n\n\n\n<div class=\"wp-block-group\"><div class=\"wp-block-group__inner-container is-layout-flow wp-block-group-is-layout-flow\">\n<div class=\"wp-block-columns is-layout-flex wp-container-core-columns-is-layout-9d6595d7 wp-block-columns-is-layout-flex\">\n<div class=\"wp-block-column is-vertically-aligned-top is-layout-flow wp-block-column-is-layout-flow\">\n<h3 class=\"wp-block-heading has-text-align-center has-text-color\" style=\"color:#000000\">Apartman Gariful<\/h3>\n\n\n\n<figure class=\"wp-block-image size-large\"><a href=\"http:\/\/summeronkorcula.com\/hr\/andrijic-apartmani-prigradica\/apartman-gariful\/\"><img loading=\"lazy\" decoding=\"async\" width=\"1024\" height=\"678\" src=\"https:\/\/summeronkorcula.com\/wp-content\/uploads\/2020\/11\/summeronkorcula-apartment-gariful-terrace-09-2020-pic-01-1024x678.jpg\" alt=\"\" class=\"wp-image-4155\" srcset=\"https:\/\/summeronkorcula.com\/wp-content\/uploads\/2020\/11\/summeronkorcula-apartment-gariful-terrace-09-2020-pic-01-1024x678.jpg 1024w, https:\/\/summeronkorcula.com\/wp-content\/uploads\/2020\/11\/summeronkorcula-apartment-gariful-terrace-09-2020-pic-01-300x199.jpg 300w, https:\/\/summeronkorcula.com\/wp-content\/uploads\/2020\/11\/summeronkorcula-apartment-gariful-terrace-09-2020-pic-01-768x509.jpg 768w, https:\/\/summeronkorcula.com\/wp-content\/uploads\/2020\/11\/summeronkorcula-apartment-gariful-terrace-09-2020-pic-01-1536x1018.jpg 1536w, https:\/\/summeronkorcula.com\/wp-content\/uploads\/2020\/11\/summeronkorcula-apartment-gariful-terrace-09-2020-pic-01.jpg 1600w\" sizes=\"auto, (max-width: 1024px) 100vw, 1024px\" \/><\/a><figcaption class=\"wp-element-caption\">Apartman za 2+2 osobe na prvom katu ku\u0107e<\/figcaption><\/figure>\n<\/div>\n\n\n\n<div class=\"wp-block-column is-vertically-aligned-top is-layout-flow wp-block-column-is-layout-flow\">\n<h3 class=\"wp-block-heading has-text-align-center has-text-color\" style=\"color:#000000\">Apartman Mimoza<\/h3>\n\n\n\n<figure class=\"wp-block-image size-large\"><a href=\"http:\/\/summeronkorcula.com\/hr\/andrijic-apartmani-prigradica\/apartman-mimoza\/\"><img loading=\"lazy\" decoding=\"async\" width=\"1024\" height=\"678\" src=\"https:\/\/summeronkorcula.com\/wp-content\/uploads\/2020\/11\/summeronkorcula-apartment-mimoza-bedroom-09-2020-pic-01-1024x678.jpg\" alt=\"\" class=\"wp-image-3918\" srcset=\"https:\/\/summeronkorcula.com\/wp-content\/uploads\/2020\/11\/summeronkorcula-apartment-mimoza-bedroom-09-2020-pic-01-1024x678.jpg 1024w, https:\/\/summeronkorcula.com\/wp-content\/uploads\/2020\/11\/summeronkorcula-apartment-mimoza-bedroom-09-2020-pic-01-300x199.jpg 300w, https:\/\/summeronkorcula.com\/wp-content\/uploads\/2020\/11\/summeronkorcula-apartment-mimoza-bedroom-09-2020-pic-01-768x509.jpg 768w, https:\/\/summeronkorcula.com\/wp-content\/uploads\/2020\/11\/summeronkorcula-apartment-mimoza-bedroom-09-2020-pic-01-1536x1018.jpg 1536w, https:\/\/summeronkorcula.com\/wp-content\/uploads\/2020\/11\/summeronkorcula-apartment-mimoza-bedroom-09-2020-pic-01.jpg 1600w\" sizes=\"auto, (max-width: 1024px) 100vw, 1024px\" \/><\/a><figcaption class=\"wp-element-caption\">Apartman za 2+2 osobe na prvom katu ku\u0107e<\/figcaption><\/figure>\n<\/div>\n<\/div>\n\n\n\n<div class=\"wp-block-columns is-layout-flex wp-container-core-columns-is-layout-9d6595d7 wp-block-columns-is-layout-flex\">\n<div class=\"wp-block-column is-layout-flow wp-block-column-is-layout-flow\">\n<h3 class=\"wp-block-heading has-text-align-center has-text-color\" style=\"color:#000000\">Apartman Ru\u017emarin<\/h3>\n\n\n\n<figure class=\"wp-block-image size-large\"><a href=\"http:\/\/summeronkorcula.com\/hr\/andrijic-apartmani-prigradica\/apartman-ruzmarin\/\"><img loading=\"lazy\" decoding=\"async\" width=\"1024\" height=\"678\" src=\"https:\/\/summeronkorcula.com\/wp-content\/uploads\/2020\/11\/summeronkorcula-apartment-ruzmarin-bedroom1-09-2020-pic-01-1024x678.jpg\" alt=\"\" class=\"wp-image-4225\" srcset=\"https:\/\/summeronkorcula.com\/wp-content\/uploads\/2020\/11\/summeronkorcula-apartment-ruzmarin-bedroom1-09-2020-pic-01-1024x678.jpg 1024w, https:\/\/summeronkorcula.com\/wp-content\/uploads\/2020\/11\/summeronkorcula-apartment-ruzmarin-bedroom1-09-2020-pic-01-300x199.jpg 300w, https:\/\/summeronkorcula.com\/wp-content\/uploads\/2020\/11\/summeronkorcula-apartment-ruzmarin-bedroom1-09-2020-pic-01-768x509.jpg 768w, https:\/\/summeronkorcula.com\/wp-content\/uploads\/2020\/11\/summeronkorcula-apartment-ruzmarin-bedroom1-09-2020-pic-01-1536x1018.jpg 1536w, https:\/\/summeronkorcula.com\/wp-content\/uploads\/2020\/11\/summeronkorcula-apartment-ruzmarin-bedroom1-09-2020-pic-01.jpg 1600w\" sizes=\"auto, (max-width: 1024px) 100vw, 1024px\" \/><\/a><figcaption class=\"wp-element-caption\">Prostrani apartman za 4+1 osobu u potkrovlju<\/figcaption><\/figure>\n\n\n\n<p><\/p>\n<\/div>\n\n\n\n<div class=\"wp-block-column is-layout-flow wp-block-column-is-layout-flow\"><\/div>\n<\/div>\n\n\n\n<div style=\"height:30px\" aria-hidden=\"true\" class=\"wp-block-spacer\"><\/div>\n<\/div><\/div>\n\n\n<div class=\"wpbs_s-search-widget\" data-calendars=\"all\" data-language=\"hr\" data-title=\"yes\" data-mark_selection=\"yes\" ><div class=\"wpbs_s-search-widget-form-wrap\"><h2>Pretraga raspolo\u017eivosti<\/h2>\r\n\r\n<form action=\"#\" class=\"wpbs_s-search-widget-form\" autocomplete=\"off\">\r\n\r\n    <div class=\"wpbs_s-search-widget-field\">\r\n        <label for=\"wpbs_s-search-widget-datepicker-start-date\">Dolazak<\/label>\r\n        <input type=\"text\" value=\"\" id=\"wpbs_s-search-widget-datepicker-start-date\" class=\"wpbs_s-search-widget-datepicker wpbs_s-search-widget-datepicker-start-date\" name=\"start-date\" \/>\r\n    <\/div>\r\n\r\n    <div class=\"wpbs_s-search-widget-field\">\r\n        <label for=\"wpbs_s-search-widget-datepicker-end-date\">Odlazak<\/label>\r\n        <input type=\"text\" value=\"\" id=\"wpbs_s-search-widget-datepicker-end-date\" class=\"wpbs_s-search-widget-datepicker wpbs_s-search-widget-datepicker-end-date\" name=\"end-date\" \/>\r\n    <\/div>\r\n\r\n    <div class=\"wpbs_s-search-widget-field wpbs_s-search-widget-field-submit\">\r\n        <button class=\"wpbs_s-search-widget-datepicker-submit\">Pretra\u017eivanje<\/button>\r\n    <\/div>\r\n\r\n<\/form>\r\n<\/div><div class=\"wpbs_s-search-widget-results-wrap\"><\/div><style>.wpbs_s-search-widget .wpbs_s-search-widget-form .wpbs_s-search-widget-field button.wpbs_s-search-widget-datepicker-submit, .wpbs_s-search-widget .wpbs_s-search-widget-form .wpbs_s-search-widget-field input[type=\"submit\"], .wpbs_s-search-widget .wpbs_s-search-widget-results-wrap .wpbs_s-search-widget-result .wpbs_s-search-widget-result-button {background-color: #aaaaaa !important; color: #ffffff !important; }.wpbs_s-search-widget .wpbs_s-search-widget-form .wpbs_s-search-widget-field button.wpbs_s-search-widget-datepicker-submit:hover, .wpbs_s-search-widget .wpbs_s-search-widget-form .wpbs_s-search-widget-field input[type=\"submit\"]:hover , .wpbs_s-search-widget .wpbs_s-search-widget-results-wrap .wpbs_s-search-widget-result .wpbs_s-search-widget-result-button:hover {background-color: #7f7f7f !important;  color: #ffffff !important; }.ui-datepicker.wpbs-datepicker td.ui-datepicker-current-day {background-color: #aaaaaa !important; }.ui-datepicker.wpbs-datepicker td.ui-datepicker-current-day a { color: #ffffff !important; }.ui-datepicker.wpbs-datepicker td .ui-state-default.ui-state-hover {background-color: #7f7f7f !important;  color: #ffffff !important; }<\/style><div class=\"wpbs-search-container-loaded\" data-just-loaded=\"1\"><\/div><\/div>\n\n\n<div class=\"wp-block-buttons aligncenter is-layout-flex wp-block-buttons-is-layout-flex\">\n<div class=\"wp-block-button popupkontakt\"><a class=\"wp-block-button__link\">REZERVIRAJTE APARTMAN<\/a><\/div>\n<\/div>\n\n\n\n<p><\/p>\n","protected":false},"excerpt":{"rendered":"<p>Apartmani Andriji\u0107 &#8211; Prigradica Otok Kor\u010dula Dobro do\u0161li u apartmane Andriji\u0107 u Prigradici na otoku Kor\u010duli! Ako tra\u017eite apartmane na Kor\u010duli za odmor s va\u0161om obitelji ili prijateljima na osun\u010danom mjestu uz more, na pravom ste mjestu. Klima Ro\u0161tilj Internet SAT TV Dijeljena praonica rublja Ku\u0107a se nalazi u Prigradici, 20 metara od pla\u017ee s [&hellip;]<\/p>\n","protected":false},"author":1,"featured_media":0,"parent":0,"menu_order":4,"comment_status":"closed","ping_status":"closed","template":"","meta":{"_coblocks_attr":"","_coblocks_dimensions":"","_coblocks_responsive_height":"","_coblocks_accordion_ie_support":"","_genesis_hide_title":false,"_genesis_hide_breadcrumbs":false,"_genesis_hide_singular_image":false,"_genesis_hide_footer_widgets":false,"_genesis_custom_body_class":"","_genesis_custom_post_class":"","_genesis_layout":"","footnotes":""},"class_list":{"0":"post-3581","1":"page","2":"type-page","3":"status-publish","5":"entry","6":"has-post-thumbnail"},"_links":{"self":[{"href":"https:\/\/summeronkorcula.com\/hr\/wp-json\/wp\/v2\/pages\/3581","targetHints":{"allow":["GET"]}}],"collection":[{"href":"https:\/\/summeronkorcula.com\/hr\/wp-json\/wp\/v2\/pages"}],"about":[{"href":"https:\/\/summeronkorcula.com\/hr\/wp-json\/wp\/v2\/types\/page"}],"author":[{"embeddable":true,"href":"https:\/\/summeronkorcula.com\/hr\/wp-json\/wp\/v2\/users\/1"}],"replies":[{"embeddable":true,"href":"https:\/\/summeronkorcula.com\/hr\/wp-json\/wp\/v2\/comments?post=3581"}],"version-history":[{"count":2,"href":"https:\/\/summeronkorcula.com\/hr\/wp-json\/wp\/v2\/pages\/3581\/revisions"}],"predecessor-version":[{"id":5309,"href":"https:\/\/summeronkorcula.com\/hr\/wp-json\/wp\/v2\/pages\/3581\/revisions\/5309"}],"wp:attachment":[{"href":"https:\/\/summeronkorcula.com\/hr\/wp-json\/wp\/v2\/media?parent=3581"}],"curies":[{"name":"wp","href":"https:\/\/api.w.org\/{rel}","templated":true}]}}